{"id":8966,"date":"2018-04-20T07:15:28","date_gmt":"2018-04-20T06:15:28","guid":{"rendered":"https:\/\/www.alexetalex.com\/ca\/?page_id=8966"},"modified":"2020-05-04T16:14:08","modified_gmt":"2020-05-04T15:14:08","slug":"picasso-natures-mortes","status":"publish","type":"page","link":"https:\/\/www.alexetalex.com\/ca\/dossiers-fruites\/route-des-fruits\/picasso-natures-mortes\/","title":{"rendered":"Picasso : natures mortes"},"content":{"rendered":"<p><H1>Les natures mortes dans l&rsquo;oeuvre de Picasso<\/H1><\/p>\n<p><H2>I] Les natures mortes dans la peinture de l&rsquo;artiste espagnol<\/H2><\/p>\n<p><H3>Tableaux de Picasso en natures mortes<\/H3><\/p>\n<p>Les natures mortes, bien qu&rsquo;assez peu connues dans l&rsquo;oeuvre de Picasso, sont particuli\u00e8rement pr\u00e9sentes, et ce, tout au long de sa p\u00e9riode de cr\u00e9ation.<\/p>\n<p><img loading=\"lazy\" width=\"480\" height=\"401\" src=\"https:\/\/www.alexetalex.com\/ca\/wp-content\/uploads\/2013\/12\/pablo-picasso-nature-morte.-corbeille-de-fruits-et-bouteille.jpg\" alt=\"pablo-picasso-nature-morte.-corbeille-de-fruits-et-bouteille\" class=\"alignnone size-full wp-image-7966\" srcset=\"https:\/\/www.alexetalex.com\/ca\/wp-content\/uploads\/2013\/12\/pablo-picasso-nature-morte.-corbeille-de-fruits-et-bouteille.jpg 480w, https:\/\/www.alexetalex.com\/ca\/wp-content\/uploads\/2013\/12\/pablo-picasso-nature-morte.-corbeille-de-fruits-et-bouteille-270x226.jpg 270w\" sizes=\"(max-width: 480px) 100vw, 480px\" \/><\/p>\n<p><H3>Coup de coeur pour la \u00ab\u00a0Corbeille de fruits et bouteille\u00a0\u00bb<\/H3><\/p>\n<p>Ci-dessus, \u00ab\u00a0Corbeille de fruits et bouteille\u00a0\u00bb, une oeuvre dat\u00e9e du 29 d\u00e9cembre 1937, et r\u00e9alis\u00e9e \u00e0 Paris. Cette oeuvre fut vendue en 2010 chez Christies, \u00e0 New York, pour la modique somme de 4 226 500$. Alex &#038; Alex s&rsquo;\u00e9tait port\u00e9e acqu\u00e9reur, mais notre ench\u00e8re a \u00e9t\u00e9 battue&#8230; de peu&#8230; bien entendu&#8230; Mais battue&#8230;<\/p>\n<p><H2>II] Picasso : p\u00e9riode bleue et rose en nature morte<\/H2><\/p>\n<p>Ci-dessous une d\u00e9clinaison de l&rsquo;oeuvre \u00ab\u00a0La casserole \u00e9maill\u00e9e\u00a0\u00bb. La premi\u00e8re version a \u00e9t\u00e9 r\u00e9alis\u00e9e par Pablo Picasso en 1901, durant la p\u00e9riode bleue (1901 &#8211; 1904).<\/p>\n<p><img loading=\"lazy\" width=\"1200\" height=\"1000\" src=\"https:\/\/www.alexetalex.com\/ca\/wp-content\/uploads\/2018\/04\/famous-paintings-picasso-cubism-gallery.jpg\" alt=\"La casserole \u00e9maill\u00e9e\" class=\"alignnone size-full wp-image-10041\" srcset=\"https:\/\/www.alexetalex.com\/ca\/wp-content\/uploads\/2018\/04\/famous-paintings-picasso-cubism-gallery.jpg 1200w, https:\/\/www.alexetalex.com\/ca\/wp-content\/uploads\/2018\/04\/famous-paintings-picasso-cubism-gallery-600x500.jpg 600w, https:\/\/www.alexetalex.com\/ca\/wp-content\/uploads\/2018\/04\/famous-paintings-picasso-cubism-gallery-250x208.jpg 250w, https:\/\/www.alexetalex.com\/ca\/wp-content\/uploads\/2018\/04\/famous-paintings-picasso-cubism-gallery-768x640.jpg 768w, https:\/\/www.alexetalex.com\/ca\/wp-content\/uploads\/2018\/04\/famous-paintings-picasso-cubism-gallery-700x583.jpg 700w, https:\/\/www.alexetalex.com\/ca\/wp-content\/uploads\/2018\/04\/famous-paintings-picasso-cubism-gallery-120x100.jpg 120w, https:\/\/www.alexetalex.com\/ca\/wp-content\/uploads\/2018\/04\/famous-paintings-picasso-cubism-gallery-320x267.jpg 320w\" sizes=\"(max-width: 1200px) 100vw, 1200px\" \/><\/p>\n<p>Puis il peint une d\u00e9clinaison de cette toile initiale durant la p\u00e9riode rose (1904 &#8211; 1908).<\/p>\n<p><img loading=\"lazy\" width=\"900\" height=\"709\" src=\"https:\/\/www.alexetalex.com\/ca\/wp-content\/uploads\/2018\/04\/pic_nmcasserole.jpg\" alt=\"pic_nmcasserole\" class=\"alignnone size-full wp-image-10042\" srcset=\"https:\/\/www.alexetalex.com\/ca\/wp-content\/uploads\/2018\/04\/pic_nmcasserole.jpg 900w, https:\/\/www.alexetalex.com\/ca\/wp-content\/uploads\/2018\/04\/pic_nmcasserole-600x473.jpg 600w, https:\/\/www.alexetalex.com\/ca\/wp-content\/uploads\/2018\/04\/pic_nmcasserole-250x197.jpg 250w, https:\/\/www.alexetalex.com\/ca\/wp-content\/uploads\/2018\/04\/pic_nmcasserole-768x605.jpg 768w, https:\/\/www.alexetalex.com\/ca\/wp-content\/uploads\/2018\/04\/pic_nmcasserole-700x551.jpg 700w, https:\/\/www.alexetalex.com\/ca\/wp-content\/uploads\/2018\/04\/pic_nmcasserole-120x95.jpg 120w, https:\/\/www.alexetalex.com\/ca\/wp-content\/uploads\/2018\/04\/pic_nmcasserole-320x252.jpg 320w\" sizes=\"(max-width: 900px) 100vw, 900px\" \/><\/p>\n<p><H2>III] La p\u00e9riode bleue et rose est derri\u00e8re lui<\/H2><\/p>\n<p>A la fin de l\u2019ann\u00e9e 1908, Pablo Picasso entame un nouveau style et commence l&rsquo;oeuvre ci-dessous, esquisse d&rsquo;une oeuvre ult\u00e9rieure. Il a abandonn\u00e9 le style mis\u00e9rabiliste de la p\u00e9riode bleue et l\u2019\u00e9l\u00e9gance m\u00e9lancolique de la p\u00e9riode rose.<\/p>\n<p><img loading=\"lazy\" width=\"483\" height=\"190\" src=\"https:\/\/www.alexetalex.com\/ca\/wp-content\/uploads\/2018\/04\/ced6855a-f45b-11e2-be28-bd6569fcc3b7.jpg\" alt=\"Corbeille de fruits Picasso - p\u00e9riode bleue\" class=\"alignnone size-full wp-image-10047\" srcset=\"https:\/\/www.alexetalex.com\/ca\/wp-content\/uploads\/2018\/04\/ced6855a-f45b-11e2-be28-bd6569fcc3b7.jpg 483w, https:\/\/www.alexetalex.com\/ca\/wp-content\/uploads\/2018\/04\/ced6855a-f45b-11e2-be28-bd6569fcc3b7-250x98.jpg 250w, https:\/\/www.alexetalex.com\/ca\/wp-content\/uploads\/2018\/04\/ced6855a-f45b-11e2-be28-bd6569fcc3b7-120x47.jpg 120w, https:\/\/www.alexetalex.com\/ca\/wp-content\/uploads\/2018\/04\/ced6855a-f45b-11e2-be28-bd6569fcc3b7-320x126.jpg 320w\" sizes=\"(max-width: 483px) 100vw, 483px\" \/><\/p>\n<p>L&rsquo;oeuvre pr\u00e9c\u00e9demment cit\u00e9e est en fait une esquisse qui conduira Pablo Picasso, alors \u00e2g\u00e9 de 27 ans, \u00e0 peindre \u00ab\u00a0Pain et compotier aux fruits sur une table\u00a0\u00bb, la grande nature morte des d\u00e9buts du cubisme. <\/p>\n<p><img loading=\"lazy\" width=\"592\" height=\"754\" src=\"https:\/\/www.alexetalex.com\/ca\/wp-content\/uploads\/2018\/04\/47ef435dcbc36a4f359e5c243b55b8f4.jpg\" alt=\"\" class=\"alignnone size-full wp-image-10048\" srcset=\"https:\/\/www.alexetalex.com\/ca\/wp-content\/uploads\/2018\/04\/47ef435dcbc36a4f359e5c243b55b8f4.jpg 592w, https:\/\/www.alexetalex.com\/ca\/wp-content\/uploads\/2018\/04\/47ef435dcbc36a4f359e5c243b55b8f4-250x318.jpg 250w, https:\/\/www.alexetalex.com\/ca\/wp-content\/uploads\/2018\/04\/47ef435dcbc36a4f359e5c243b55b8f4-120x153.jpg 120w, https:\/\/www.alexetalex.com\/ca\/wp-content\/uploads\/2018\/04\/47ef435dcbc36a4f359e5c243b55b8f4-320x408.jpg 320w\" sizes=\"(max-width: 592px) 100vw, 592px\" \/><\/p>\n<p><H2>IV] Quelques exemples repr\u00e9sentatifs de son oeuvre<\/H2><\/p>\n<p>Les corbeilles de fruits occupent une place importante dans ces natures mortes. Voici quelques exemples s\u00e9lectionn\u00e9s :<\/p>\n<p><H3>\u00ab\u00a0Mandoline, panier de fruits, bouteille et p\u00e2tisserie\u00a0\u00bb, oeuvre datant de 1924<\/H3><\/p>\n<p><img loading=\"lazy\" width=\"700\" height=\"504\" src=\"https:\/\/www.alexetalex.com\/ca\/wp-content\/uploads\/2018\/04\/mandoline-panier-de-fruits-bouteille-et-patisserie-1924bis.jpg\" alt=\"mandoline-panier-de-fruits-bouteille-et-patisserie-1924bis\" class=\"alignnone size-full wp-image-8970\" srcset=\"https:\/\/www.alexetalex.com\/ca\/wp-content\/uploads\/2018\/04\/mandoline-panier-de-fruits-bouteille-et-patisserie-1924bis.jpg 700w, https:\/\/www.alexetalex.com\/ca\/wp-content\/uploads\/2018\/04\/mandoline-panier-de-fruits-bouteille-et-patisserie-1924bis-600x432.jpg 600w, https:\/\/www.alexetalex.com\/ca\/wp-content\/uploads\/2018\/04\/mandoline-panier-de-fruits-bouteille-et-patisserie-1924bis-250x180.jpg 250w, https:\/\/www.alexetalex.com\/ca\/wp-content\/uploads\/2018\/04\/mandoline-panier-de-fruits-bouteille-et-patisserie-1924bis-120x86.jpg 120w, https:\/\/www.alexetalex.com\/ca\/wp-content\/uploads\/2018\/04\/mandoline-panier-de-fruits-bouteille-et-patisserie-1924bis-320x230.jpg 320w\" sizes=\"(max-width: 700px) 100vw, 700px\" \/><\/p>\n<p><H3>\u00ab\u00a0Compotier, fruits et verre\u00a0\u00bb<\/H3><\/p>\n<p><img loading=\"lazy\" width=\"608\" height=\"750\" src=\"https:\/\/www.alexetalex.com\/ca\/wp-content\/uploads\/2018\/04\/Pablo-Picasso-compotier-o-195E.jpg\" alt=\"Pablo Picasso - 195 Compotier, fruits et verre (Nature morte au compotier) - \u041d\u0430\u0442\u044e\u0440\u043c\u043e\u0440\u0442. \u0412\u0430\u0437\u0430 \u0441 \u0444\u0440\u0443\u043a\u0442\u0430\u043c\u0438 - 1909 - 91x72,5 - Peut-\u00eatre achet\u00e9 le 13 juillet 1912 chez Br\u00fcmmer? ou chez Kahnweiler en 1912 - cat.1913, 171 - cat. Ermitage 9160\" class=\"alignnone size-full wp-image-8971\" srcset=\"https:\/\/www.alexetalex.com\/ca\/wp-content\/uploads\/2018\/04\/Pablo-Picasso-compotier-o-195E.jpg 608w, https:\/\/www.alexetalex.com\/ca\/wp-content\/uploads\/2018\/04\/Pablo-Picasso-compotier-o-195E-600x740.jpg 600w, https:\/\/www.alexetalex.com\/ca\/wp-content\/uploads\/2018\/04\/Pablo-Picasso-compotier-o-195E-250x308.jpg 250w, https:\/\/www.alexetalex.com\/ca\/wp-content\/uploads\/2018\/04\/Pablo-Picasso-compotier-o-195E-120x148.jpg 120w, https:\/\/www.alexetalex.com\/ca\/wp-content\/uploads\/2018\/04\/Pablo-Picasso-compotier-o-195E-320x395.jpg 320w\" sizes=\"(max-width: 608px) 100vw, 608px\" \/><\/p>\n<p><H3>\u00ab\u00a0Grande nature morte au gu\u00e9ridon\u00a0\u00bb<\/H3><\/p>\n<p><img loading=\"lazy\" width=\"600\" height=\"600\" src=\"https:\/\/www.alexetalex.com\/ca\/wp-content\/uploads\/2018\/04\/50460T90-Picasso-Grande-nature-morte-au-gu\u00e9ridon-Carr\u00e9.jpg\" alt=\"Picasso - Nature Morte\" class=\"alignnone size-full wp-image-10152\" srcset=\"https:\/\/www.alexetalex.com\/ca\/wp-content\/uploads\/2018\/04\/50460T90-Picasso-Grande-nature-morte-au-gu\u00e9ridon-Carr\u00e9.jpg 600w, https:\/\/www.alexetalex.com\/ca\/wp-content\/uploads\/2018\/04\/50460T90-Picasso-Grande-nature-morte-au-gu\u00e9ridon-Carr\u00e9-300x300.jpg 300w, https:\/\/www.alexetalex.com\/ca\/wp-content\/uploads\/2018\/04\/50460T90-Picasso-Grande-nature-morte-au-gu\u00e9ridon-Carr\u00e9-100x100.jpg 100w, https:\/\/www.alexetalex.com\/ca\/wp-content\/uploads\/2018\/04\/50460T90-Picasso-Grande-nature-morte-au-gu\u00e9ridon-Carr\u00e9-250x250.jpg 250w, https:\/\/www.alexetalex.com\/ca\/wp-content\/uploads\/2018\/04\/50460T90-Picasso-Grande-nature-morte-au-gu\u00e9ridon-Carr\u00e9-120x120.jpg 120w, https:\/\/www.alexetalex.com\/ca\/wp-content\/uploads\/2018\/04\/50460T90-Picasso-Grande-nature-morte-au-gu\u00e9ridon-Carr\u00e9-260x260.jpg 260w, https:\/\/www.alexetalex.com\/ca\/wp-content\/uploads\/2018\/04\/50460T90-Picasso-Grande-nature-morte-au-gu\u00e9ridon-Carr\u00e9-320x320.jpg 320w\" sizes=\"(max-width: 600px) 100vw, 600px\" \/><\/p>\n<p><H3>\u00ab\u00a0Buste, coupe et palette\u00a0\u00bb. 1932<\/H3><\/p>\n<p><img src=\"https:\/\/www.alexetalex.com\/ca\/wp-content\/uploads\/2018\/04\/5702084c3e1a55bd7568a0a4e601b92e.jpg\" alt=\"5702084c3e1a55bd7568a0a4e601b92e\" class=\"alignnone size-full wp-image-10154\" \/><\/p>\n<p><H3>\u00ab\u00a0Nature morte au crane de taureau\u00a0\u00bb<\/H3><\/p>\n<p><img loading=\"lazy\" width=\"1023\" height=\"657\" src=\"https:\/\/www.alexetalex.com\/ca\/wp-content\/uploads\/2018\/04\/Pablo_Picasso_-_Nature_Morte_au_Crane_de_Taureau.jpeg\" alt=\"Pablo Picasso - Nature morte - corbeille de fruits\" class=\"alignnone size-full wp-image-10155\" srcset=\"https:\/\/www.alexetalex.com\/ca\/wp-content\/uploads\/2018\/04\/Pablo_Picasso_-_Nature_Morte_au_Crane_de_Taureau.jpeg 1023w, https:\/\/www.alexetalex.com\/ca\/wp-content\/uploads\/2018\/04\/Pablo_Picasso_-_Nature_Morte_au_Crane_de_Taureau-600x385.jpeg 600w, https:\/\/www.alexetalex.com\/ca\/wp-content\/uploads\/2018\/04\/Pablo_Picasso_-_Nature_Morte_au_Crane_de_Taureau-250x161.jpeg 250w, https:\/\/www.alexetalex.com\/ca\/wp-content\/uploads\/2018\/04\/Pablo_Picasso_-_Nature_Morte_au_Crane_de_Taureau-768x493.jpeg 768w, https:\/\/www.alexetalex.com\/ca\/wp-content\/uploads\/2018\/04\/Pablo_Picasso_-_Nature_Morte_au_Crane_de_Taureau-700x450.jpeg 700w, https:\/\/www.alexetalex.com\/ca\/wp-content\/uploads\/2018\/04\/Pablo_Picasso_-_Nature_Morte_au_Crane_de_Taureau-120x77.jpeg 120w, https:\/\/www.alexetalex.com\/ca\/wp-content\/uploads\/2018\/04\/Pablo_Picasso_-_Nature_Morte_au_Crane_de_Taureau-320x206.jpeg 320w\" sizes=\"(max-width: 1023px) 100vw, 1023px\" \/><\/p>\n<p><H3>\u00ab\u00a0Nature morte aux cerises\u00a0\u00bb<\/H3><\/p>\n<p><img loading=\"lazy\" width=\"800\" height=\"526\" src=\"https:\/\/www.alexetalex.com\/ca\/wp-content\/uploads\/2018\/04\/PABLO-PICASSO-STILL-LIFE-WITH-CHERRIES.jpg\" alt=\"PABLO-PICASSO-STILL-LIFE-WITH-CHERRIES\" class=\"alignnone size-full wp-image-8972\" srcset=\"https:\/\/www.alexetalex.com\/ca\/wp-content\/uploads\/2018\/04\/PABLO-PICASSO-STILL-LIFE-WITH-CHERRIES.jpg 800w, https:\/\/www.alexetalex.com\/ca\/wp-content\/uploads\/2018\/04\/PABLO-PICASSO-STILL-LIFE-WITH-CHERRIES-600x395.jpg 600w, https:\/\/www.alexetalex.com\/ca\/wp-content\/uploads\/2018\/04\/PABLO-PICASSO-STILL-LIFE-WITH-CHERRIES-250x164.jpg 250w, https:\/\/www.alexetalex.com\/ca\/wp-content\/uploads\/2018\/04\/PABLO-PICASSO-STILL-LIFE-WITH-CHERRIES-768x505.jpg 768w, https:\/\/www.alexetalex.com\/ca\/wp-content\/uploads\/2018\/04\/PABLO-PICASSO-STILL-LIFE-WITH-CHERRIES-700x460.jpg 700w, https:\/\/www.alexetalex.com\/ca\/wp-content\/uploads\/2018\/04\/PABLO-PICASSO-STILL-LIFE-WITH-CHERRIES-120x79.jpg 120w, https:\/\/www.alexetalex.com\/ca\/wp-content\/uploads\/2018\/04\/PABLO-PICASSO-STILL-LIFE-WITH-CHERRIES-320x210.jpg 320w\" sizes=\"(max-width: 800px) 100vw, 800px\" \/><\/p>\n<p><H3>\u00ab\u00a0Nature morte au verre sous la lampe\u00a0\u00bb. 19 Mars 1962<\/H3><\/p>\n<p><img loading=\"lazy\" width=\"2000\" height=\"1654\" src=\"https:\/\/www.alexetalex.com\/ca\/wp-content\/uploads\/2018\/04\/Picasso-nature-morte-au-verre-sous-la-lampe.jpg\" alt=\"Picasso nature morte au verre sous la lampe\" class=\"alignnone size-full wp-image-8973\" srcset=\"https:\/\/www.alexetalex.com\/ca\/wp-content\/uploads\/2018\/04\/Picasso-nature-morte-au-verre-sous-la-lampe.jpg 2000w, https:\/\/www.alexetalex.com\/ca\/wp-content\/uploads\/2018\/04\/Picasso-nature-morte-au-verre-sous-la-lampe-600x496.jpg 600w, https:\/\/www.alexetalex.com\/ca\/wp-content\/uploads\/2018\/04\/Picasso-nature-morte-au-verre-sous-la-lampe-250x207.jpg 250w, https:\/\/www.alexetalex.com\/ca\/wp-content\/uploads\/2018\/04\/Picasso-nature-morte-au-verre-sous-la-lampe-768x635.jpg 768w, https:\/\/www.alexetalex.com\/ca\/wp-content\/uploads\/2018\/04\/Picasso-nature-morte-au-verre-sous-la-lampe-700x579.jpg 700w, https:\/\/www.alexetalex.com\/ca\/wp-content\/uploads\/2018\/04\/Picasso-nature-morte-au-verre-sous-la-lampe-120x99.jpg 120w, https:\/\/www.alexetalex.com\/ca\/wp-content\/uploads\/2018\/04\/Picasso-nature-morte-au-verre-sous-la-lampe-320x265.jpg 320w\" sizes=\"(max-width: 2000px) 100vw, 2000px\" \/><\/p>\n<p><H3>\u00ab\u00a0Nature Morte\u00a0\u00bb (Still Life), 1960<\/H3><\/p>\n<p><img loading=\"lazy\" width=\"850\" height=\"681\" src=\"https:\/\/www.alexetalex.com\/ca\/wp-content\/uploads\/2018\/04\/picasso5396.jpg\" alt=\"picasso5396\" class=\"alignnone size-full wp-image-8974\" srcset=\"https:\/\/www.alexetalex.com\/ca\/wp-content\/uploads\/2018\/04\/picasso5396.jpg 850w, https:\/\/www.alexetalex.com\/ca\/wp-content\/uploads\/2018\/04\/picasso5396-600x481.jpg 600w, https:\/\/www.alexetalex.com\/ca\/wp-content\/uploads\/2018\/04\/picasso5396-250x200.jpg 250w, https:\/\/www.alexetalex.com\/ca\/wp-content\/uploads\/2018\/04\/picasso5396-768x615.jpg 768w, https:\/\/www.alexetalex.com\/ca\/wp-content\/uploads\/2018\/04\/picasso5396-700x561.jpg 700w, https:\/\/www.alexetalex.com\/ca\/wp-content\/uploads\/2018\/04\/picasso5396-120x96.jpg 120w, https:\/\/www.alexetalex.com\/ca\/wp-content\/uploads\/2018\/04\/picasso5396-320x256.jpg 320w\" sizes=\"(max-width: 850px) 100vw, 850px\" \/><\/p>\n<p><H3>\u00ab\u00a0Nature morte \u00e0 la cafeti\u00e8re\u00a0\u00bb<\/H3><\/p>\n<p><img loading=\"lazy\" width=\"924\" height=\"704\" src=\"https:\/\/www.alexetalex.com\/ca\/wp-content\/uploads\/2018\/04\/picasso-nature-morte-a-la-cafeti\u00e8re.jpg\" alt=\"picasso-nature morte a la cafeti\u00e8re\" class=\"alignnone size-full wp-image-8975\" srcset=\"https:\/\/www.alexetalex.com\/ca\/wp-content\/uploads\/2018\/04\/picasso-nature-morte-a-la-cafeti\u00e8re.jpg 924w, https:\/\/www.alexetalex.com\/ca\/wp-content\/uploads\/2018\/04\/picasso-nature-morte-a-la-cafeti\u00e8re-600x457.jpg 600w, https:\/\/www.alexetalex.com\/ca\/wp-content\/uploads\/2018\/04\/picasso-nature-morte-a-la-cafeti\u00e8re-250x190.jpg 250w, https:\/\/www.alexetalex.com\/ca\/wp-content\/uploads\/2018\/04\/picasso-nature-morte-a-la-cafeti\u00e8re-768x585.jpg 768w, https:\/\/www.alexetalex.com\/ca\/wp-content\/uploads\/2018\/04\/picasso-nature-morte-a-la-cafeti\u00e8re-700x533.jpg 700w, https:\/\/www.alexetalex.com\/ca\/wp-content\/uploads\/2018\/04\/picasso-nature-morte-a-la-cafeti\u00e8re-120x91.jpg 120w, https:\/\/www.alexetalex.com\/ca\/wp-content\/uploads\/2018\/04\/picasso-nature-morte-a-la-cafeti\u00e8re-320x244.jpg 320w\" sizes=\"(max-width: 924px) 100vw, 924px\" \/><\/p>\n<p><H3>\u00ab\u00a0Nature morte au pichet\u00a0\u00bb<\/H3><\/p>\n<p><img loading=\"lazy\" width=\"1089\" height=\"824\" src=\"https:\/\/www.alexetalex.com\/ca\/wp-content\/uploads\/2018\/04\/picasso-nature-morte-au-pichet1-1937.jpg\" alt=\"picasso-nature-morte-au-pichet1-1937\" class=\"alignnone size-full wp-image-8977\" srcset=\"https:\/\/www.alexetalex.com\/ca\/wp-content\/uploads\/2018\/04\/picasso-nature-morte-au-pichet1-1937.jpg 1089w, https:\/\/www.alexetalex.com\/ca\/wp-content\/uploads\/2018\/04\/picasso-nature-morte-au-pichet1-1937-600x454.jpg 600w, https:\/\/www.alexetalex.com\/ca\/wp-content\/uploads\/2018\/04\/picasso-nature-morte-au-pichet1-1937-250x189.jpg 250w, https:\/\/www.alexetalex.com\/ca\/wp-content\/uploads\/2018\/04\/picasso-nature-morte-au-pichet1-1937-768x581.jpg 768w, https:\/\/www.alexetalex.com\/ca\/wp-content\/uploads\/2018\/04\/picasso-nature-morte-au-pichet1-1937-700x530.jpg 700w, https:\/\/www.alexetalex.com\/ca\/wp-content\/uploads\/2018\/04\/picasso-nature-morte-au-pichet1-1937-120x91.jpg 120w, https:\/\/www.alexetalex.com\/ca\/wp-content\/uploads\/2018\/04\/picasso-nature-morte-au-pichet1-1937-320x242.jpg 320w\" sizes=\"(max-width: 1089px) 100vw, 1089px\" \/><\/p>\n<p><H3>\u00ab\u00a0Nature morte au pot et \u00e0 l&rsquo;orange\u00a0\u00bb<\/H3><\/p>\n<p><img loading=\"lazy\" width=\"300\" height=\"245\" src=\"https:\/\/www.alexetalex.com\/ca\/wp-content\/uploads\/2018\/04\/picasso-nature-morte-au-pot-et-a-orange.jpg\" alt=\"picasso-nature-morte-au-pot-et-a-orange\" class=\"alignnone size-full wp-image-8978\" srcset=\"https:\/\/www.alexetalex.com\/ca\/wp-content\/uploads\/2018\/04\/picasso-nature-morte-au-pot-et-a-orange.jpg 300w, https:\/\/www.alexetalex.com\/ca\/wp-content\/uploads\/2018\/04\/picasso-nature-morte-au-pot-et-a-orange-250x204.jpg 250w, https:\/\/www.alexetalex.com\/ca\/wp-content\/uploads\/2018\/04\/picasso-nature-morte-au-pot-et-a-orange-120x98.jpg 120w\" sizes=\"(max-width: 300px) 100vw, 300px\" \/><\/p>\n<p><H3>\u00ab\u00a0Nature morte\u00a0\u00bb. 1941<\/H3><\/p>\n<p><img loading=\"lazy\" width=\"500\" height=\"394\" src=\"https:\/\/www.alexetalex.com\/ca\/wp-content\/uploads\/2018\/04\/picasso-pablo-1881-1973-spain-nature-morte-2139992.jpg\" alt=\"picasso-pablo-1881-1973-spain-nature-morte-2139992\" class=\"alignnone size-full wp-image-8979\" srcset=\"https:\/\/www.alexetalex.com\/ca\/wp-content\/uploads\/2018\/04\/picasso-pablo-1881-1973-spain-nature-morte-2139992.jpg 500w, https:\/\/www.alexetalex.com\/ca\/wp-content\/uploads\/2018\/04\/picasso-pablo-1881-1973-spain-nature-morte-2139992-250x197.jpg 250w, https:\/\/www.alexetalex.com\/ca\/wp-content\/uploads\/2018\/04\/picasso-pablo-1881-1973-spain-nature-morte-2139992-120x95.jpg 120w, https:\/\/www.alexetalex.com\/ca\/wp-content\/uploads\/2018\/04\/picasso-pablo-1881-1973-spain-nature-morte-2139992-320x252.jpg 320w\" sizes=\"(max-width: 500px) 100vw, 500px\" \/><\/p>\n<p><i>Nous vous avons r\u00e9dig\u00e9 cet article parce que notre m\u00e9tier concerne la cr\u00e9ation de corbeilles de fruits au bureau (de vraies et belles corbeilles de fruits pour les salari\u00e9s sur le lieu de travail !).<\/p>\n<p>Si vous le souhaitez, vous pouvez donc retrouver nos corbeilles de fruits, sur la page d\u00e9di\u00e9e \u00e0 notre activit\u00e9 professionnelle : notre service de <a title=\"Fruits au bureau\" href=\"https:\/\/www.alexetalex.com\/ca\/\">livraison de fruits au bureau<\/a>. Ce service est disponible pour les soci\u00e9t\u00e9s, \u00e0 Paris ainsi qu&rsquo;\u00e0 Montr\u00e9al.<\/i><\/p>\n<p><a title=\"Fruits au bureau\" href=\"https:\/\/www.alexetalex.com\/ca\/\"><img loading=\"lazy\" width=\"658\" height=\"280\" src=\"https:\/\/www.alexetalex.com\/ca\/wp-content\/uploads\/2018\/01\/Call-to-action-2.jpg\" alt=\"Call to action 2\" class=\"alignnone size-full wp-image-8638\" srcset=\"https:\/\/www.alexetalex.com\/ca\/wp-content\/uploads\/2018\/01\/Call-to-action-2.jpg 658w, https:\/\/www.alexetalex.com\/ca\/wp-content\/uploads\/2018\/01\/Call-to-action-2-600x255.jpg 600w, https:\/\/www.alexetalex.com\/ca\/wp-content\/uploads\/2018\/01\/Call-to-action-2-270x115.jpg 270w, https:\/\/www.alexetalex.com\/ca\/wp-content\/uploads\/2018\/01\/Call-to-action-2-550x234.jpg 550w\" sizes=\"(max-width: 658px) 100vw, 658px\" \/><\/a><\/p>\n","protected":false},"excerpt":{"rendered":"<p>Les natures mortes dans l&rsquo;oeuvre de Picasso I] Les natures mortes dans la peinture de l&rsquo;artiste espagnol Tableaux de Picasso en natures mortes Les natures mortes, bien qu&rsquo;assez peu connues dans l&rsquo;oeuvre de Picasso, sont particuli\u00e8rement pr\u00e9sentes, et ce, tout au long de sa p\u00e9riode de cr\u00e9ation. Coup de coeur pour la \u00ab\u00a0Corbeille de fruits [&hellip;]<\/p>\n","protected":false},"author":4,"featured_media":7966,"parent":8732,"menu_order":0,"comment_status":"closed","ping_status":"closed","template":"","meta":{"_et_pb_use_builder":"","_et_pb_old_content":"","_et_gb_content_width":""},"acf":[],"yoast_head":"<!-- This site is optimized with the Yoast SEO plugin v17.6 - https:\/\/yoast.com\/wordpress\/plugins\/seo\/ -->\n<title>Picasso : les natures mortes dans l&#039;oeuvre de l&#039;artiste espagnol<\/title>\n<meta name=\"description\" content=\"Les natures mortes, bien qu&#039;assez peu connues dans l&#039;oeuvre de Picasso, sont particuli\u00e8rement pr\u00e9sentes, et ce, tout au long de sa p\u00e9riode de cr\u00e9ation.\" \/>\n<meta name=\"robots\" content=\"index, follow, max-snippet:-1, max-image-preview:large, max-video-preview:-1\" \/>\n<link rel=\"canonical\" href=\"https:\/\/www.alexetalex.com\/ca\/dossiers-fruites\/route-des-fruits\/picasso-natures-mortes\/\" \/>\n<meta property=\"og:locale\" content=\"fr_FR\" \/>\n<meta property=\"og:type\" content=\"article\" \/>\n<meta property=\"og:title\" content=\"Picasso : les natures mortes dans l&#039;oeuvre de l&#039;artiste espagnol\" \/>\n<meta property=\"og:description\" content=\"Les natures mortes, bien qu&#039;assez peu connues dans l&#039;oeuvre de Picasso, sont particuli\u00e8rement pr\u00e9sentes, et ce, tout au long de sa p\u00e9riode de cr\u00e9ation.\" \/>\n<meta property=\"og:url\" content=\"https:\/\/www.alexetalex.com\/ca\/dossiers-fruites\/route-des-fruits\/picasso-natures-mortes\/\" \/>\n<meta property=\"article:modified_time\" content=\"2020-05-04T15:14:08+00:00\" \/>\n<meta property=\"og:image\" content=\"https:\/\/www.alexetalex.com\/ca\/wp-content\/uploads\/2013\/12\/pablo-picasso-nature-morte.-corbeille-de-fruits-et-bouteille.jpg\" \/>\n\t<meta property=\"og:image:width\" content=\"480\" \/>\n\t<meta property=\"og:image:height\" content=\"401\" \/>\n<meta name=\"twitter:label1\" content=\"Dur\u00e9e de lecture estim\u00e9e\" \/>\n\t<meta name=\"twitter:data1\" content=\"2 minutes\" \/>\n<script type=\"application\/ld+json\" class=\"yoast-schema-graph\">{\"@context\":\"https:\/\/schema.org\",\"@graph\":[{\"@type\":\"Organization\",\"@id\":\"https:\/\/www.alexetalex.com\/ca\/#organization\",\"name\":\"Alex & Alex\",\"url\":\"https:\/\/www.alexetalex.com\/ca\/\",\"sameAs\":[],\"logo\":{\"@type\":\"ImageObject\",\"@id\":\"https:\/\/www.alexetalex.com\/ca\/#logo\",\"inLanguage\":\"fr-FR\",\"url\":\"https:\/\/www.alexetalex.com\/ca\/wp-content\/uploads\/2020\/04\/alexalex-1.png\",\"contentUrl\":\"https:\/\/www.alexetalex.com\/ca\/wp-content\/uploads\/2020\/04\/alexalex-1.png\",\"width\":51,\"height\":50,\"caption\":\"Alex & Alex\"},\"image\":{\"@id\":\"https:\/\/www.alexetalex.com\/ca\/#logo\"}},{\"@type\":\"WebSite\",\"@id\":\"https:\/\/www.alexetalex.com\/ca\/#website\",\"url\":\"https:\/\/www.alexetalex.com\/ca\/\",\"name\":\"\",\"description\":\"\",\"publisher\":{\"@id\":\"https:\/\/www.alexetalex.com\/ca\/#organization\"},\"potentialAction\":[{\"@type\":\"SearchAction\",\"target\":{\"@type\":\"EntryPoint\",\"urlTemplate\":\"https:\/\/www.alexetalex.com\/ca\/?s={search_term_string}\"},\"query-input\":\"required name=search_term_string\"}],\"inLanguage\":\"fr-FR\"},{\"@type\":\"ImageObject\",\"@id\":\"https:\/\/www.alexetalex.com\/ca\/dossiers-fruites\/route-des-fruits\/picasso-natures-mortes\/#primaryimage\",\"inLanguage\":\"fr-FR\",\"url\":\"https:\/\/www.alexetalex.com\/ca\/wp-content\/uploads\/2013\/12\/pablo-picasso-nature-morte.-corbeille-de-fruits-et-bouteille.jpg\",\"contentUrl\":\"https:\/\/www.alexetalex.com\/ca\/wp-content\/uploads\/2013\/12\/pablo-picasso-nature-morte.-corbeille-de-fruits-et-bouteille.jpg\",\"width\":480,\"height\":401},{\"@type\":\"WebPage\",\"@id\":\"https:\/\/www.alexetalex.com\/ca\/dossiers-fruites\/route-des-fruits\/picasso-natures-mortes\/#webpage\",\"url\":\"https:\/\/www.alexetalex.com\/ca\/dossiers-fruites\/route-des-fruits\/picasso-natures-mortes\/\",\"name\":\"Picasso : les natures mortes dans l'oeuvre de l'artiste espagnol\",\"isPartOf\":{\"@id\":\"https:\/\/www.alexetalex.com\/ca\/#website\"},\"primaryImageOfPage\":{\"@id\":\"https:\/\/www.alexetalex.com\/ca\/dossiers-fruites\/route-des-fruits\/picasso-natures-mortes\/#primaryimage\"},\"datePublished\":\"2018-04-20T06:15:28+00:00\",\"dateModified\":\"2020-05-04T15:14:08+00:00\",\"description\":\"Les natures mortes, bien qu'assez peu connues dans l'oeuvre de Picasso, sont particuli\\u00e8rement pr\\u00e9sentes, et ce, tout au long de sa p\\u00e9riode de cr\\u00e9ation.\",\"breadcrumb\":{\"@id\":\"https:\/\/www.alexetalex.com\/ca\/dossiers-fruites\/route-des-fruits\/picasso-natures-mortes\/#breadcrumb\"},\"inLanguage\":\"fr-FR\",\"potentialAction\":[{\"@type\":\"ReadAction\",\"target\":[\"https:\/\/www.alexetalex.com\/ca\/dossiers-fruites\/route-des-fruits\/picasso-natures-mortes\/\"]}]},{\"@type\":\"BreadcrumbList\",\"@id\":\"https:\/\/www.alexetalex.com\/ca\/dossiers-fruites\/route-des-fruits\/picasso-natures-mortes\/#breadcrumb\",\"itemListElement\":[{\"@type\":\"ListItem\",\"position\":1,\"name\":\"Magazine\",\"item\":\"https:\/\/www.alexetalex.com\/ca\/dossiers-fruites\/\"},{\"@type\":\"ListItem\",\"position\":2,\"name\":\"Fruits\",\"item\":\"https:\/\/www.alexetalex.com\/ca\/dossiers-fruites\/route-des-fruits\/\"},{\"@type\":\"ListItem\",\"position\":3,\"name\":\"Dossier\"}]}]}<\/script>\n<!-- \/ Yoast SEO plugin. -->","yoast_head_json":{"title":"Picasso : les natures mortes dans l'oeuvre de l'artiste espagnol","description":"Les natures mortes, bien qu'assez peu connues dans l'oeuvre de Picasso, sont particuli\u00e8rement pr\u00e9sentes, et ce, tout au long de sa p\u00e9riode de cr\u00e9ation.","robots":{"index":"index","follow":"follow","max-snippet":"max-snippet:-1","max-image-preview":"max-image-preview:large","max-video-preview":"max-video-preview:-1"},"canonical":"https:\/\/www.alexetalex.com\/ca\/dossiers-fruites\/route-des-fruits\/picasso-natures-mortes\/","og_locale":"fr_FR","og_type":"article","og_title":"Picasso : les natures mortes dans l'oeuvre de l'artiste espagnol","og_description":"Les natures mortes, bien qu'assez peu connues dans l'oeuvre de Picasso, sont particuli\u00e8rement pr\u00e9sentes, et ce, tout au long de sa p\u00e9riode de cr\u00e9ation.","og_url":"https:\/\/www.alexetalex.com\/ca\/dossiers-fruites\/route-des-fruits\/picasso-natures-mortes\/","article_modified_time":"2020-05-04T15:14:08+00:00","og_image":[{"width":480,"height":401,"url":"https:\/\/www.alexetalex.com\/ca\/wp-content\/uploads\/2013\/12\/pablo-picasso-nature-morte.-corbeille-de-fruits-et-bouteille.jpg","type":"image\/jpeg"}],"twitter_misc":{"Dur\u00e9e de lecture estim\u00e9e":"2 minutes"},"schema":{"@context":"https:\/\/schema.org","@graph":[{"@type":"Organization","@id":"https:\/\/www.alexetalex.com\/ca\/#organization","name":"Alex & Alex","url":"https:\/\/www.alexetalex.com\/ca\/","sameAs":[],"logo":{"@type":"ImageObject","@id":"https:\/\/www.alexetalex.com\/ca\/#logo","inLanguage":"fr-FR","url":"https:\/\/www.alexetalex.com\/ca\/wp-content\/uploads\/2020\/04\/alexalex-1.png","contentUrl":"https:\/\/www.alexetalex.com\/ca\/wp-content\/uploads\/2020\/04\/alexalex-1.png","width":51,"height":50,"caption":"Alex & Alex"},"image":{"@id":"https:\/\/www.alexetalex.com\/ca\/#logo"}},{"@type":"WebSite","@id":"https:\/\/www.alexetalex.com\/ca\/#website","url":"https:\/\/www.alexetalex.com\/ca\/","name":"","description":"","publisher":{"@id":"https:\/\/www.alexetalex.com\/ca\/#organization"},"potentialAction":[{"@type":"SearchAction","target":{"@type":"EntryPoint","urlTemplate":"https:\/\/www.alexetalex.com\/ca\/?s={search_term_string}"},"query-input":"required name=search_term_string"}],"inLanguage":"fr-FR"},{"@type":"ImageObject","@id":"https:\/\/www.alexetalex.com\/ca\/dossiers-fruites\/route-des-fruits\/picasso-natures-mortes\/#primaryimage","inLanguage":"fr-FR","url":"https:\/\/www.alexetalex.com\/ca\/wp-content\/uploads\/2013\/12\/pablo-picasso-nature-morte.-corbeille-de-fruits-et-bouteille.jpg","contentUrl":"https:\/\/www.alexetalex.com\/ca\/wp-content\/uploads\/2013\/12\/pablo-picasso-nature-morte.-corbeille-de-fruits-et-bouteille.jpg","width":480,"height":401},{"@type":"WebPage","@id":"https:\/\/www.alexetalex.com\/ca\/dossiers-fruites\/route-des-fruits\/picasso-natures-mortes\/#webpage","url":"https:\/\/www.alexetalex.com\/ca\/dossiers-fruites\/route-des-fruits\/picasso-natures-mortes\/","name":"Picasso : les natures mortes dans l'oeuvre de l'artiste espagnol","isPartOf":{"@id":"https:\/\/www.alexetalex.com\/ca\/#website"},"primaryImageOfPage":{"@id":"https:\/\/www.alexetalex.com\/ca\/dossiers-fruites\/route-des-fruits\/picasso-natures-mortes\/#primaryimage"},"datePublished":"2018-04-20T06:15:28+00:00","dateModified":"2020-05-04T15:14:08+00:00","description":"Les natures mortes, bien qu'assez peu connues dans l'oeuvre de Picasso, sont particuli\u00e8rement pr\u00e9sentes, et ce, tout au long de sa p\u00e9riode de cr\u00e9ation.","breadcrumb":{"@id":"https:\/\/www.alexetalex.com\/ca\/dossiers-fruites\/route-des-fruits\/picasso-natures-mortes\/#breadcrumb"},"inLanguage":"fr-FR","potentialAction":[{"@type":"ReadAction","target":["https:\/\/www.alexetalex.com\/ca\/dossiers-fruites\/route-des-fruits\/picasso-natures-mortes\/"]}]},{"@type":"BreadcrumbList","@id":"https:\/\/www.alexetalex.com\/ca\/dossiers-fruites\/route-des-fruits\/picasso-natures-mortes\/#breadcrumb","itemListElement":[{"@type":"ListItem","position":1,"name":"Magazine","item":"https:\/\/www.alexetalex.com\/ca\/dossiers-fruites\/"},{"@type":"ListItem","position":2,"name":"Fruits","item":"https:\/\/www.alexetalex.com\/ca\/dossiers-fruites\/route-des-fruits\/"},{"@type":"ListItem","position":3,"name":"Dossier"}]}]}},"_links":{"self":[{"href":"https:\/\/www.alexetalex.com\/ca\/wp-json\/wp\/v2\/pages\/8966"}],"collection":[{"href":"https:\/\/www.alexetalex.com\/ca\/wp-json\/wp\/v2\/pages"}],"about":[{"href":"https:\/\/www.alexetalex.com\/ca\/wp-json\/wp\/v2\/types\/page"}],"author":[{"embeddable":true,"href":"https:\/\/www.alexetalex.com\/ca\/wp-json\/wp\/v2\/users\/4"}],"replies":[{"embeddable":true,"href":"https:\/\/www.alexetalex.com\/ca\/wp-json\/wp\/v2\/comments?post=8966"}],"version-history":[{"count":1,"href":"https:\/\/www.alexetalex.com\/ca\/wp-json\/wp\/v2\/pages\/8966\/revisions"}],"predecessor-version":[{"id":16594,"href":"https:\/\/www.alexetalex.com\/ca\/wp-json\/wp\/v2\/pages\/8966\/revisions\/16594"}],"up":[{"embeddable":true,"href":"https:\/\/www.alexetalex.com\/ca\/wp-json\/wp\/v2\/pages\/8732"}],"wp:featuredmedia":[{"embeddable":true,"href":"https:\/\/www.alexetalex.com\/ca\/wp-json\/wp\/v2\/media\/7966"}],"wp:attachment":[{"href":"https:\/\/www.alexetalex.com\/ca\/wp-json\/wp\/v2\/media?parent=8966"}],"curies":[{"name":"wp","href":"https:\/\/api.w.org\/{rel}","templated":true}]}}