{"id":9000,"date":"2018-04-20T08:35:02","date_gmt":"2018-04-20T07:35:02","guid":{"rendered":"https:\/\/www.alexetalex.com\/ca\/?page_id=9000"},"modified":"2020-11-18T11:22:09","modified_gmt":"2020-11-18T10:22:09","slug":"ananas-fruit-ou-legume","status":"publish","type":"page","link":"https:\/\/www.alexetalex.com\/ca\/dossiers-fruites\/route-des-fruits\/ananas-fruit-ou-legume\/","title":{"rendered":"L&rsquo;ananas : fruit ou l\u00e9gume"},"content":{"rendered":"<h1>L\u2019Ananas : fruit ou l\u00e9gume ?<\/h1>\n<p><\/br><\/p>\n<h2>I] Le fruit en botanique<\/h2>\n<p><\/br><\/p>\n <div class=\"hsg-featured-numb\">\n    <div>\n <p>1<\/p>\n <p><\/p>\n<h3>L\u2019Ananas est bien un fruit<\/h3>\n<p><\/p>\n\n<\/div>\n  \n<\/div>\n<p><\/br><\/p>\n<p>En botanique, un fruit est le r\u00e9sultat de la f\u00e9condation d\u2019une fleur, et il contient des graines. Parce qu\u2019il pousse au creux d\u2019une plante dont le nom est <em>Ananas Comosus<\/em>, et parce qu\u2019il contient des graines \u00e0 l\u2019\u00e9tat sauvage (m\u00eame si la plupart des vari\u00e9t\u00e9s commercialis\u00e9es en sont d\u00e9pourvues), il s&rsquo;agit donc d&rsquo;un fruit.<\/p>\n<p><img loading=\"lazy\" width=\"560\" height=\"400\" src=\"https:\/\/www.alexetalex.com\/wp-content\/uploads\/2018\/04\/ananas-560x400.jpg\" alt=\"Ananas : fruit ou l\u00e9gume ?\" class=\"alignnone size-full wp-image-9001\" srcset=\"https:\/\/www.alexetalex.com\/ca\/wp-content\/uploads\/2018\/04\/ananas-560x400.jpg 560w, https:\/\/www.alexetalex.com\/ca\/wp-content\/uploads\/2018\/04\/ananas-560x400-250x179.jpg 250w, https:\/\/www.alexetalex.com\/ca\/wp-content\/uploads\/2018\/04\/ananas-560x400-120x86.jpg 120w, https:\/\/www.alexetalex.com\/ca\/wp-content\/uploads\/2018\/04\/ananas-560x400-320x229.jpg 320w\" sizes=\"(max-width: 560px) 100vw, 560px\" \/><\/p>\n<p><\/br><\/p>\n <div class=\"hsg-featured-numb\">\n    <div>\n <p>2<\/p>\n <p><\/p>\n<h3>Origines<\/h3>\n<p><\/p>\n\n<\/div>\n  \n<\/div>\n<p><\/br><\/p>\n<p>Ce fruit trouve ses origines en Am\u00e9rique du Sud, dans une r\u00e9gion qui englobe une partie du Br\u00e9sil et de la Colombie actuelle. Il ne f\u00fbt import\u00e9 en Europe qu\u2019au cours du XVI\u00e8me si\u00e8cle.<\/p>\n<p>Or, m\u00eame si l\u2019ananas est un fruit d\u00e9licieux, vous ne le retrouverez que rarement dans nos <a title=\"Service de livraison de fruits au bureau\" href=\"https:\/\/www.alexetalex.com\/ca\/\">corbeilles de fruits au bureau<\/a>. Nous privil\u00e9gions en effet pour cela des fruits simples \u00e0 consommer sur place, et autant que possible, des fruits locaux. Ce qui n\u2019est pas vraiment le cas de l\u2019ananas&#8230;<\/p>\n<p><\/br><\/p>\n<h2>II] Comment choisir un bon Ananas ?<\/h2>\n<p><\/br><\/p>\n <div class=\"hsg-featured-numb\">\n    <div>\n <p>1<\/p>\n <p><\/p>\n<h3>Signes ext\u00e9rieurs de qualit\u00e9<\/h3>\n<p><\/p>\n\n<\/div>\n  \n<\/div>\n<p><\/br><\/p>\n<p>Acteur n\u00b01 sur Montr\u00e9al et Paris, dans le secteur de la livraison de fruits au bureau, nous avons acquis aux cours des 10 derni\u00e8res ann\u00e9es une bonne exp\u00e9rience pour vous s\u00e9lectionner les meilleurs fruits (\u00ab\u00a0vrais fruits\u00a0\u00bb). <\/p>\n<p>Privil\u00e9giez les ananas qui sont parfum\u00e9s et fermes au toucher. Il faut donc \u00e9viter ceux qui ont d\u00e9j\u00e0 bruni, ils sont souvent trop m\u00fbrs, voire ab\u00eem\u00e9s \u00e0 l&rsquo;int\u00e9rieur.<\/p>\n<p>Aussi, il faut se rappeler que certains supermarch\u00e9s vendent des ananas sans plumet afin de faire des \u00e9conomies lors du transport. Cela \u00e9tant dit, privil\u00e9giez toutefois les ananas qui ont gard\u00e9 leur plumet: ils seront plus juteux que ceux qui ne l&rsquo;ont plus et qui, souvent, sont plus secs.<\/p>\n<p>Article r\u00e9dig\u00e9 par Camille Dentas, MSc. in Life Science, nutritionniste.<\/p>\n<p><\/br><\/p>\n <div class=\"hsg-featured-numb\">\n    <div>\n <p>2<\/p>\n <p><\/p>\n<h3>Pour continuer d'apprendre<\/h3>\n<p><\/p>\n\n<\/div>\n  \n<\/div>\n<p><\/br><\/p>\n<p>Ainsi, si vous avez bien lu cet article, vous pouvez tester vos connaissances avec les exemples ci-dessous :<\/p>\n<p>&#8211; <a href=\"https:\/\/www.alexetalex.com\/ca\/pourquoi-la-courgette-est-elle-un-fruit\/\">La courgette : un fruit ou un l\u00e9gume<\/a> ?<br \/>\n<br \/>&#8211; <a href=\"https:\/\/www.alexetalex.com\/ca\/la-tomate-est-elle-un-fruit-ou-un-legume\/\">La tomate est-elle un fruit ou un l\u00e9gume<\/a> ?<br \/>\n<br \/>&#8211; <a href=\"https:\/\/www.alexetalex.com\/ca\/dossiers-fruites\/route-des-fruits\/olive-fruit-ou-legume\/\">L\u2019olive : l\u00e9gume ou fruit ?<\/a><\/p>\n<p><\/br><\/p>\n<p>Ou encore, si vous voulez continuer \u00e0 \u00e9largir ce que vous savez \u00e0 propos des fruits:<\/p>\n<p>&#8211; <a href=\"https:\/\/www.alexetalex.com\/ca\/dossiers-fruites\/le-saviez-vous\/clementine-mandarine\/\">Cl\u00e9mentine ou mandarine<\/a> : savez-vous faire la diff\u00e9rence ?<\/p>\n<p><\/p>\n<p>&#8211; <a href=\"https:\/\/www.alexetalex.com\/ca\/dossiers-fruites\/le-saviez-vous\/chataigne-marron\/\">Ch\u00e2taigne ou marron<\/a> : comment ne pas se tromper ?<\/p>\n<p><\/p>\n<p>&#8211; <a href=\"https:\/\/www.alexetalex.com\/ca\/dossiers-fruites\/route-des-fruits\/fraise-des-bois\/\">Fraise des bois (comestible) ou fraisier des Indes (toxique) ?<\/a> Sauriez-vous les reconna\u00eetre dans la nature ?<\/p>\n<p><\/br><\/p>\n<p><i>Et pour finir en beaut\u00e9, retrouvez l&rsquo;ananas parmi bien d&rsquo;autres <a title=\"Fruits au bureau\" href=\"https:\/\/www.alexetalex.com\/ca\/\">fruits au bureau<\/a> sur la page d\u00e9di\u00e9e \u00e0 notre activit\u00e9 professionnelle. Et oui, nous livrons au bureau des fruits et autres produits s\u00e9lectionn\u00e9s par nos soins \u00e0 Montr\u00e9al et \u00e0 Paris.<\/i><\/p>\n<p><a title=\"Fruits au bureau - Alex et Alex\" href=\"https:\/\/www.alexetalex.com\/ca\/\"><img loading=\"lazy\" width=\"658\" height=\"280\" src=\"https:\/\/www.alexetalex.com\/wp-content\/uploads\/2018\/01\/Call-to-action-2.jpg\" alt=\"Call to action 2\" class=\"alignnone size-full wp-image-8638\" srcset=\"https:\/\/www.alexetalex.com\/ca\/wp-content\/uploads\/2018\/01\/Call-to-action-2.jpg 658w, https:\/\/www.alexetalex.com\/ca\/wp-content\/uploads\/2018\/01\/Call-to-action-2-600x255.jpg 600w, https:\/\/www.alexetalex.com\/ca\/wp-content\/uploads\/2018\/01\/Call-to-action-2-270x115.jpg 270w, https:\/\/www.alexetalex.com\/ca\/wp-content\/uploads\/2018\/01\/Call-to-action-2-550x234.jpg 550w\" sizes=\"(max-width: 658px) 100vw, 658px\" \/><\/a><\/p>\n","protected":false},"excerpt":{"rendered":"<p>L\u2019Ananas : fruit ou l\u00e9gume ? I] Le fruit en botanique En botanique, un fruit est le r\u00e9sultat de la f\u00e9condation d\u2019une fleur, et il contient des graines. Parce qu\u2019il pousse au creux d\u2019une plante dont le nom est Ananas Comosus, et parce qu\u2019il contient des graines \u00e0 l\u2019\u00e9tat sauvage (m\u00eame si la plupart des [&hellip;]<\/p>\n","protected":false},"author":4,"featured_media":9001,"parent":8732,"menu_order":0,"comment_status":"closed","ping_status":"closed","template":"","meta":{"_et_pb_use_builder":"","_et_pb_old_content":"","_et_gb_content_width":""},"acf":[],"yoast_head":"<!-- This site is optimized with the Yoast SEO plugin v17.6 - https:\/\/yoast.com\/wordpress\/plugins\/seo\/ -->\n<title>L&#039;Ananas : fruit ou l\u00e9gume ? Guide d\u00e9taill\u00e9 - Alex &amp; Alex<\/title>\n<meta name=\"description\" content=\"Parce qu\u2019il pousse au creux d\u2019une plante, et parce qu\u2019il contient des graines \u00e0 l\u2019\u00e9tat sauvage, l\u2019Ananas est donc un fruit!\" \/>\n<meta name=\"robots\" content=\"index, follow, max-snippet:-1, max-image-preview:large, max-video-preview:-1\" \/>\n<link rel=\"canonical\" href=\"https:\/\/www.alexetalex.com\/ca\/dossiers-fruites\/route-des-fruits\/ananas-fruit-ou-legume\/\" \/>\n<meta property=\"og:locale\" content=\"fr_FR\" \/>\n<meta property=\"og:type\" content=\"article\" \/>\n<meta property=\"og:title\" content=\"L&#039;Ananas : fruit ou l\u00e9gume ? Guide d\u00e9taill\u00e9 - Alex &amp; Alex\" \/>\n<meta property=\"og:description\" content=\"Parce qu\u2019il pousse au creux d\u2019une plante, et parce qu\u2019il contient des graines \u00e0 l\u2019\u00e9tat sauvage, l\u2019Ananas est donc un fruit!\" \/>\n<meta property=\"og:url\" content=\"https:\/\/www.alexetalex.com\/ca\/dossiers-fruites\/route-des-fruits\/ananas-fruit-ou-legume\/\" \/>\n<meta property=\"article:modified_time\" content=\"2020-11-18T10:22:09+00:00\" \/>\n<meta property=\"og:image\" content=\"https:\/\/www.alexetalex.com\/ca\/wp-content\/uploads\/2018\/04\/ananas-560x400.jpg\" \/>\n\t<meta property=\"og:image:width\" content=\"560\" \/>\n\t<meta property=\"og:image:height\" content=\"400\" \/>\n<meta name=\"twitter:label1\" content=\"Dur\u00e9e de lecture estim\u00e9e\" \/>\n\t<meta name=\"twitter:data1\" content=\"2 minutes\" \/>\n<script type=\"application\/ld+json\" class=\"yoast-schema-graph\">{\"@context\":\"https:\/\/schema.org\",\"@graph\":[{\"@type\":\"Organization\",\"@id\":\"https:\/\/www.alexetalex.com\/ca\/#organization\",\"name\":\"Alex & Alex\",\"url\":\"https:\/\/www.alexetalex.com\/ca\/\",\"sameAs\":[],\"logo\":{\"@type\":\"ImageObject\",\"@id\":\"https:\/\/www.alexetalex.com\/ca\/#logo\",\"inLanguage\":\"fr-FR\",\"url\":\"https:\/\/www.alexetalex.com\/ca\/wp-content\/uploads\/2020\/04\/alexalex-1.png\",\"contentUrl\":\"https:\/\/www.alexetalex.com\/ca\/wp-content\/uploads\/2020\/04\/alexalex-1.png\",\"width\":51,\"height\":50,\"caption\":\"Alex & Alex\"},\"image\":{\"@id\":\"https:\/\/www.alexetalex.com\/ca\/#logo\"}},{\"@type\":\"WebSite\",\"@id\":\"https:\/\/www.alexetalex.com\/ca\/#website\",\"url\":\"https:\/\/www.alexetalex.com\/ca\/\",\"name\":\"\",\"description\":\"\",\"publisher\":{\"@id\":\"https:\/\/www.alexetalex.com\/ca\/#organization\"},\"potentialAction\":[{\"@type\":\"SearchAction\",\"target\":{\"@type\":\"EntryPoint\",\"urlTemplate\":\"https:\/\/www.alexetalex.com\/ca\/?s={search_term_string}\"},\"query-input\":\"required name=search_term_string\"}],\"inLanguage\":\"fr-FR\"},{\"@type\":\"ImageObject\",\"@id\":\"https:\/\/www.alexetalex.com\/ca\/dossiers-fruites\/route-des-fruits\/ananas-fruit-ou-legume\/#primaryimage\",\"inLanguage\":\"fr-FR\",\"url\":\"https:\/\/www.alexetalex.com\/ca\/wp-content\/uploads\/2018\/04\/ananas-560x400.jpg\",\"contentUrl\":\"https:\/\/www.alexetalex.com\/ca\/wp-content\/uploads\/2018\/04\/ananas-560x400.jpg\",\"width\":560,\"height\":400,\"caption\":\"L'ananas : fruit ou l\\u00e9gume ?\"},{\"@type\":\"WebPage\",\"@id\":\"https:\/\/www.alexetalex.com\/ca\/dossiers-fruites\/route-des-fruits\/ananas-fruit-ou-legume\/#webpage\",\"url\":\"https:\/\/www.alexetalex.com\/ca\/dossiers-fruites\/route-des-fruits\/ananas-fruit-ou-legume\/\",\"name\":\"L'Ananas : fruit ou l\\u00e9gume ? Guide d\\u00e9taill\\u00e9 - Alex & Alex\",\"isPartOf\":{\"@id\":\"https:\/\/www.alexetalex.com\/ca\/#website\"},\"primaryImageOfPage\":{\"@id\":\"https:\/\/www.alexetalex.com\/ca\/dossiers-fruites\/route-des-fruits\/ananas-fruit-ou-legume\/#primaryimage\"},\"datePublished\":\"2018-04-20T07:35:02+00:00\",\"dateModified\":\"2020-11-18T10:22:09+00:00\",\"description\":\"Parce qu\\u2019il pousse au creux d\\u2019une plante, et parce qu\\u2019il contient des graines \\u00e0 l\\u2019\\u00e9tat sauvage, l\\u2019Ananas est donc un fruit!\",\"breadcrumb\":{\"@id\":\"https:\/\/www.alexetalex.com\/ca\/dossiers-fruites\/route-des-fruits\/ananas-fruit-ou-legume\/#breadcrumb\"},\"inLanguage\":\"fr-FR\",\"potentialAction\":[{\"@type\":\"ReadAction\",\"target\":[\"https:\/\/www.alexetalex.com\/ca\/dossiers-fruites\/route-des-fruits\/ananas-fruit-ou-legume\/\"]}]},{\"@type\":\"BreadcrumbList\",\"@id\":\"https:\/\/www.alexetalex.com\/ca\/dossiers-fruites\/route-des-fruits\/ananas-fruit-ou-legume\/#breadcrumb\",\"itemListElement\":[{\"@type\":\"ListItem\",\"position\":1,\"name\":\"Magazine\",\"item\":\"https:\/\/www.alexetalex.com\/ca\/dossiers-fruites\/\"},{\"@type\":\"ListItem\",\"position\":2,\"name\":\"Fruits\",\"item\":\"https:\/\/www.alexetalex.com\/ca\/dossiers-fruites\/route-des-fruits\/\"},{\"@type\":\"ListItem\",\"position\":3,\"name\":\"Dossier\"}]}]}<\/script>\n<!-- \/ Yoast SEO plugin. -->","yoast_head_json":{"title":"L'Ananas : fruit ou l\u00e9gume ? Guide d\u00e9taill\u00e9 - Alex & Alex","description":"Parce qu\u2019il pousse au creux d\u2019une plante, et parce qu\u2019il contient des graines \u00e0 l\u2019\u00e9tat sauvage, l\u2019Ananas est donc un fruit!","robots":{"index":"index","follow":"follow","max-snippet":"max-snippet:-1","max-image-preview":"max-image-preview:large","max-video-preview":"max-video-preview:-1"},"canonical":"https:\/\/www.alexetalex.com\/ca\/dossiers-fruites\/route-des-fruits\/ananas-fruit-ou-legume\/","og_locale":"fr_FR","og_type":"article","og_title":"L'Ananas : fruit ou l\u00e9gume ? Guide d\u00e9taill\u00e9 - Alex & Alex","og_description":"Parce qu\u2019il pousse au creux d\u2019une plante, et parce qu\u2019il contient des graines \u00e0 l\u2019\u00e9tat sauvage, l\u2019Ananas est donc un fruit!","og_url":"https:\/\/www.alexetalex.com\/ca\/dossiers-fruites\/route-des-fruits\/ananas-fruit-ou-legume\/","article_modified_time":"2020-11-18T10:22:09+00:00","og_image":[{"width":560,"height":400,"url":"https:\/\/www.alexetalex.com\/ca\/wp-content\/uploads\/2018\/04\/ananas-560x400.jpg","type":"image\/jpeg"}],"twitter_misc":{"Dur\u00e9e de lecture estim\u00e9e":"2 minutes"},"schema":{"@context":"https:\/\/schema.org","@graph":[{"@type":"Organization","@id":"https:\/\/www.alexetalex.com\/ca\/#organization","name":"Alex & Alex","url":"https:\/\/www.alexetalex.com\/ca\/","sameAs":[],"logo":{"@type":"ImageObject","@id":"https:\/\/www.alexetalex.com\/ca\/#logo","inLanguage":"fr-FR","url":"https:\/\/www.alexetalex.com\/ca\/wp-content\/uploads\/2020\/04\/alexalex-1.png","contentUrl":"https:\/\/www.alexetalex.com\/ca\/wp-content\/uploads\/2020\/04\/alexalex-1.png","width":51,"height":50,"caption":"Alex & Alex"},"image":{"@id":"https:\/\/www.alexetalex.com\/ca\/#logo"}},{"@type":"WebSite","@id":"https:\/\/www.alexetalex.com\/ca\/#website","url":"https:\/\/www.alexetalex.com\/ca\/","name":"","description":"","publisher":{"@id":"https:\/\/www.alexetalex.com\/ca\/#organization"},"potentialAction":[{"@type":"SearchAction","target":{"@type":"EntryPoint","urlTemplate":"https:\/\/www.alexetalex.com\/ca\/?s={search_term_string}"},"query-input":"required name=search_term_string"}],"inLanguage":"fr-FR"},{"@type":"ImageObject","@id":"https:\/\/www.alexetalex.com\/ca\/dossiers-fruites\/route-des-fruits\/ananas-fruit-ou-legume\/#primaryimage","inLanguage":"fr-FR","url":"https:\/\/www.alexetalex.com\/ca\/wp-content\/uploads\/2018\/04\/ananas-560x400.jpg","contentUrl":"https:\/\/www.alexetalex.com\/ca\/wp-content\/uploads\/2018\/04\/ananas-560x400.jpg","width":560,"height":400,"caption":"L'ananas : fruit ou l\u00e9gume ?"},{"@type":"WebPage","@id":"https:\/\/www.alexetalex.com\/ca\/dossiers-fruites\/route-des-fruits\/ananas-fruit-ou-legume\/#webpage","url":"https:\/\/www.alexetalex.com\/ca\/dossiers-fruites\/route-des-fruits\/ananas-fruit-ou-legume\/","name":"L'Ananas : fruit ou l\u00e9gume ? Guide d\u00e9taill\u00e9 - Alex & Alex","isPartOf":{"@id":"https:\/\/www.alexetalex.com\/ca\/#website"},"primaryImageOfPage":{"@id":"https:\/\/www.alexetalex.com\/ca\/dossiers-fruites\/route-des-fruits\/ananas-fruit-ou-legume\/#primaryimage"},"datePublished":"2018-04-20T07:35:02+00:00","dateModified":"2020-11-18T10:22:09+00:00","description":"Parce qu\u2019il pousse au creux d\u2019une plante, et parce qu\u2019il contient des graines \u00e0 l\u2019\u00e9tat sauvage, l\u2019Ananas est donc un fruit!","breadcrumb":{"@id":"https:\/\/www.alexetalex.com\/ca\/dossiers-fruites\/route-des-fruits\/ananas-fruit-ou-legume\/#breadcrumb"},"inLanguage":"fr-FR","potentialAction":[{"@type":"ReadAction","target":["https:\/\/www.alexetalex.com\/ca\/dossiers-fruites\/route-des-fruits\/ananas-fruit-ou-legume\/"]}]},{"@type":"BreadcrumbList","@id":"https:\/\/www.alexetalex.com\/ca\/dossiers-fruites\/route-des-fruits\/ananas-fruit-ou-legume\/#breadcrumb","itemListElement":[{"@type":"ListItem","position":1,"name":"Magazine","item":"https:\/\/www.alexetalex.com\/ca\/dossiers-fruites\/"},{"@type":"ListItem","position":2,"name":"Fruits","item":"https:\/\/www.alexetalex.com\/ca\/dossiers-fruites\/route-des-fruits\/"},{"@type":"ListItem","position":3,"name":"Dossier"}]}]}},"_links":{"self":[{"href":"https:\/\/www.alexetalex.com\/ca\/wp-json\/wp\/v2\/pages\/9000"}],"collection":[{"href":"https:\/\/www.alexetalex.com\/ca\/wp-json\/wp\/v2\/pages"}],"about":[{"href":"https:\/\/www.alexetalex.com\/ca\/wp-json\/wp\/v2\/types\/page"}],"author":[{"embeddable":true,"href":"https:\/\/www.alexetalex.com\/ca\/wp-json\/wp\/v2\/users\/4"}],"replies":[{"embeddable":true,"href":"https:\/\/www.alexetalex.com\/ca\/wp-json\/wp\/v2\/comments?post=9000"}],"version-history":[{"count":8,"href":"https:\/\/www.alexetalex.com\/ca\/wp-json\/wp\/v2\/pages\/9000\/revisions"}],"predecessor-version":[{"id":17509,"href":"https:\/\/www.alexetalex.com\/ca\/wp-json\/wp\/v2\/pages\/9000\/revisions\/17509"}],"up":[{"embeddable":true,"href":"https:\/\/www.alexetalex.com\/ca\/wp-json\/wp\/v2\/pages\/8732"}],"wp:featuredmedia":[{"embeddable":true,"href":"https:\/\/www.alexetalex.com\/ca\/wp-json\/wp\/v2\/media\/9001"}],"wp:attachment":[{"href":"https:\/\/www.alexetalex.com\/ca\/wp-json\/wp\/v2\/media?parent=9000"}],"curies":[{"name":"wp","href":"https:\/\/api.w.org\/{rel}","templated":true}]}}